{"id":5915,"date":"2024-04-22T09:29:45","date_gmt":"2024-04-22T07:29:45","guid":{"rendered":"https:\/\/fv-vilseck.de\/?page_id=5915"},"modified":"2025-11-11T16:31:05","modified_gmt":"2025-11-11T14:31:05","slug":"anmeldung","status":"publish","type":"page","link":"https:\/\/fv-vilseck.de\/?page_id=5915","title":{"rendered":"Anmeldung"},"content":{"rendered":"<p><strong>Herzlich Willkommen bei der FV Vilseck Garde<\/strong><\/p>\n<p>Leider k\u00f6nnen wir derzeit keine neuen Kinder aufnehmen, da unsere Garde Gruppen alle besetzt sind.<\/p>\n<p>Gerne k\u00f6nnen Sie aber den nachfolgenden Antrag f\u00fcr die Warteliste ausf\u00fcllen und per\u00a0E-Mail an garde@fv-vilseck.de\u00a0senden.<\/p>\n<p>Sobald wieder Pl\u00e4tzte frei sind, werden wir uns umgehend bei Ihnen melden.<\/p>\n<p>Danke f\u00fcr Ihr Verst\u00e4ndnis.<\/p>\n<p>&nbsp;<\/p>\n<p><a href=\"https:\/\/fv-vilseck.de\/wp-content\/uploads\/2024\/04\/20240419_Anmeldeformular_Warteliste-FVV-Garde.pdf\"><img loading=\"lazy\" decoding=\"async\" class=\"alignnone wp-image-5918 size-square-image-xsmall\" src=\"https:\/\/fv-vilseck.de\/wp-content\/uploads\/2024\/04\/Icon-Warteliste-Garde-150x150.jpg\" alt=\"\" width=\"150\" height=\"150\" \/><\/a><\/p>\n","protected":false},"excerpt":{"rendered":"<p>Herzlich Willkommen bei der FV Vilseck Garde Leider k\u00f6nnen wir derzeit keine neuen Kinder aufnehmen, da unsere Garde Gruppen alle besetzt sind. Gerne k\u00f6nnen Sie aber den nachfolgenden Antrag f\u00fcr die Warteliste ausf\u00fcllen und per\u00a0E-Mail an garde@fv-vilseck.de\u00a0senden. Sobald wieder Pl\u00e4tzte frei sind, werden wir uns umgehend bei Ihnen melden. Danke f\u00fcr Ihr Verst\u00e4ndnis. &nbsp;<\/p>\n","protected":false},"author":3,"featured_media":0,"parent":5890,"menu_order":2,"comment_status":"closed","ping_status":"closed","template":"about.php","meta":{"footnotes":""},"class_list":["post-5915","page","type-page","status-publish","hentry"],"_links":{"self":[{"href":"https:\/\/fv-vilseck.de\/index.php?rest_route=\/wp\/v2\/pages\/5915","targetHints":{"allow":["GET"]}}],"collection":[{"href":"https:\/\/fv-vilseck.de\/index.php?rest_route=\/wp\/v2\/pages"}],"about":[{"href":"https:\/\/fv-vilseck.de\/index.php?rest_route=\/wp\/v2\/types\/page"}],"author":[{"embeddable":true,"href":"https:\/\/fv-vilseck.de\/index.php?rest_route=\/wp\/v2\/users\/3"}],"replies":[{"embeddable":true,"href":"https:\/\/fv-vilseck.de\/index.php?rest_route=%2Fwp%2Fv2%2Fcomments&post=5915"}],"version-history":[{"count":8,"href":"https:\/\/fv-vilseck.de\/index.php?rest_route=\/wp\/v2\/pages\/5915\/revisions"}],"predecessor-version":[{"id":5927,"href":"https:\/\/fv-vilseck.de\/index.php?rest_route=\/wp\/v2\/pages\/5915\/revisions\/5927"}],"up":[{"embeddable":true,"href":"https:\/\/fv-vilseck.de\/index.php?rest_route=\/wp\/v2\/pages\/5890"}],"wp:attachment":[{"href":"https:\/\/fv-vilseck.de\/index.php?rest_route=%2Fwp%2Fv2%2Fmedia&parent=5915"}],"curies":[{"name":"wp","href":"https:\/\/api.w.org\/{rel}","templated":true}]}}