{"id":202,"date":"2014-09-11T17:22:54","date_gmt":"2014-09-11T15:22:54","guid":{"rendered":"https:\/\/fv-vilseck.de\/?page_id=202"},"modified":"2025-04-29T13:10:49","modified_gmt":"2025-04-29T11:10:49","slug":"historie","status":"publish","type":"page","link":"https:\/\/fv-vilseck.de\/?page_id=202","title":{"rendered":"Historie"},"content":{"rendered":"<h6>HISTORIE \/ 1921 &#8211; 1946<\/h6>\n<p>Am 18. September 1921 wurde der &#8222;Fu\u00dfballklub Vilseck&#8220; aus der Taufe gehoben. 22 Mitglieder beschlossen am 23. Oktober desselben Jahres die f\u00fcr die Existenz des Vereins notwendigen Satzungen. Der &#8222;Fu\u00dfballklub Vilseck&#8220; war aber nicht der einzige Verein, in dem Fu\u00dfballer organisiert waren. Vielmehr musste er sich den von der Stadt ausgewiesenen Fu\u00dfballplatz am Ziegelanger mir drei weiteren Klubs teilen.<br \/>\nEin geregelter Spielbetrieb war daher nicht m\u00f6glich, da sich die Vereine Woche f\u00fcr Woche bei der Benutzung des Platzes abwechseln mussten. Doch im Laufe der Zeit setzte sich der &#8222;Fu\u00dfballklub Vilseck&#8220; als alleiniger Betreiber des Sportplatzes durch. In den darauffolgenden Jahren war man darum bem\u00fcht, ein gr\u00f6\u00dferes, angemessenes Spielfeld zu erhalten. Als der Stadtrat mehreren Antr\u00e4gen kein Geh\u00f6r schenkte, wurde ein Gesuch mit folgendem Inhalt, welcher f\u00fcr die Einstellung zum Sport in der damaligen Zeit bezeichnend ist, vorgelegt: &#8222;Wir ersuchen die Stadtgemeinde Vilseck um \u00dcberlassung eines Sportplatzes, 110 m lang, 70-90 m breit auf der sogenannten vorderen K\u00fchhut in unmittelbarer Nahe des Eintriebs zwecks Abhaltung ihrer sportlichen Wettspiele und Aus\u00fcbung ihrer Trainingsspiele. Der Sportplatz soll von dem unterzeichnenden Klub auf dessen Kosten zu dem besagten Zweck hergerichtet werden und ersuchen seine Mitglieder um \u00dcberlassung, da die F\u00f6rderung und Beg\u00fcnstigung sportlicher Turnspiele und Veranstaltungen nach Wegfall der allgemeinen Wehrpflicht wohl das Einzige ist, um Ert\u00fcchtigung und Gemeinsinn bzw. kameradschaftlichen Geist in der heranwachsenden Jugend zu f\u00f6rdern und zu wecken&#8220;. Nach diesem schriftlichen Gesuch erhielt der Verein von der Stadt Vilseck auf der sogenannten &#8222;Vorderen K\u00fchhut&#8220; ein Spielfeld zugewiesen. Schwierigkeiten mit den angrenzenden Eigent\u00fcmern von landwirtschaftlichen Nutzfl\u00e4chen zwangen den Verein zur Aufgabe dieses Spielfeldes. Anfang der drei\u00dfiger Jahre trug der Verein seine Spiele auf der Wiese des Herrn Fick, nahe der Ziegelei Merkl aus und errichtete dann auf der &#8222;Axtheider Hut&#8220; erneut ein Spielfeld, das aber ebenfalls nur eine Notl\u00f6sung war.<\/p>\n<p>Der 2.Weltkrieg brachte dann den Fu\u00dfballspielbetrieb im gesamten Deutschland zum Erliegen. Doch das in Vilseck der Fu\u00dfball einen hohen Stellenwert besa\u00df, zeigte die Tatsache, dass bereits am 10. Juni 1946 auf Initiative des Herrn Karl M\u00fcller unter Mitwirkung der &#8222;Neugr\u00fcndungsmitglieder&#8220; Heinrich Ruppert (Friseurmeister), Heinrich H\u00f6gl (Schuhmachermeister), Kaspar Specht (Metzgermeister), Josef K\u00f6nig und Karl Lei\u00dfl (Ofensetzermeister) der &#8222;Fu\u00dfballverein Vilseck&#8220; wieder ins Leben gerufen wurde.<\/p>\n<p>&nbsp;<\/p>\n<hr\/>\n<p>&nbsp;<\/p>\n<h6>HISTORIE \/ 1946 &#8211; 1947<\/h6>\n<p><a href=\"https:\/\/fv-vilseck.de\/wp-content\/uploads\/2014\/09\/fvv-historie-spielerpass125.jpg\" data-rel=\"lightbox-image-0\" data-rl_title=\"\" data-rl_caption=\"\" title=\"\"><img loading=\"lazy\" decoding=\"async\" class=\"alignright wp-image-206 size-medium\" src=\"https:\/\/fv-vilseck.de\/wp-content\/uploads\/2014\/09\/fvv-historie-spielerpass125-300x171.jpg\" alt=\"fvv-historie-spielerpass125\" width=\"300\" height=\"171\" srcset=\"https:\/\/fv-vilseck.de\/wp-content\/uploads\/2014\/09\/fvv-historie-spielerpass125-300x171.jpg 300w, https:\/\/fv-vilseck.de\/wp-content\/uploads\/2014\/09\/fvv-historie-spielerpass125.jpg 456w\" sizes=\"auto, (max-width: 300px) 100vw, 300px\" \/><\/a>Erneut trat das Problem eines ansprechenden Spielfeldes auf, doch der Verein wurde schnell f\u00fcndig, denn bereits im gleichen Jahr konnten Spiele auf dem &#8222;Arbeitersportplatz Gr\u00fcnwald&#8220; ausgetragen werden. Auf Antrag wurde von der Stadt Vilseck im September 1946 dem Verein das Fu\u00dfballspielen auf dem Sportplatz &#8222;In den Kesselstauden&#8220; zugebilligt. Dieses Gel\u00e4nde leistet dem FV auch heute noch wertvolle Dienste. Allerdings war dieser Platz im Fr\u00fchjahr und Herbst stets unbespielbar, was zur Folge hatte, dass man gemeinsam mit der Stadt Vilseck Ausschau nach einem neuen Gel\u00e4nde hielt. Seitens der Stadt wies man dem Verein die fr\u00fchere Kiesgrube und einen Teil des fr\u00fcheren Stadtweihers zu.<\/p>\n<p>Unter der Leitung des 1. Vorsitzenden und Schachtmeisters Johann Schmidt wurde der Sportplatzbau in Angriff genommen, der nach unz\u00e4hligen, freiwillig von Mitgliedern geleisteten Arbeitsstunden und unter Inanspruchnahme der Baufirma Kopf, am 25. Mai 1947 eingeweiht werden konnte. Betrachtet man die widrigen Umst\u00e4nde der Nachkriegszeit, unter denen dieses erste gro\u00dfe Bauvorhaben entstanden ist, so ist die Leistung der daran beteiligten Helfer nicht hoch genug einzusch\u00e4tzen.<\/p>\n<p>&nbsp;<\/p>\n<hr\/>\n<p>&nbsp;<\/p>\n<h6>HISTORIE \/ 1948 &#8211; 1983<\/h6>\n<p><a href=\"https:\/\/fv-vilseck.de\/wp-content\/uploads\/2014\/09\/fvv-historie-aufstieg-1948.jpg\" data-rel=\"lightbox-image-1\" data-rl_title=\"\" data-rl_caption=\"\" title=\"\"><img loading=\"lazy\" decoding=\"async\" class=\"alignleft wp-image-203 size-full\" src=\"https:\/\/fv-vilseck.de\/wp-content\/uploads\/2014\/09\/fvv-historie-aufstieg-1948.jpg\" alt=\"fvv-historie-aufstieg-1948\" width=\"298\" height=\"226\" \/><\/a>Die n\u00e4chste Aufgabe, welche die Verantwortlichen des Vereins zu bew\u00e4ltigen hatten, war die Besorgung von Fu\u00dfballstiefeln. Im freien Handel konnten keine beschafft werden und so blieb als einziger Ausweg eine Vorsprache bei den amerikanischen Besatzungstruppen im S\u00fcdlager. Diese \u00fcberreichten durch ihren Sportoffizier dem Verein 13 Paar Fu\u00dfballschuhe. Dabei handelte es sich zwar ausschlie\u00dflich um Schuhe in den Gr\u00f6\u00dfen 43-45, aber bei Verwendung von mehreren Paar Socken konnten sie trotzdem genutzt werden, wie vom damaligen Chronikschreiber festgehalten wurde.<\/p>\n<p>Um geordnete Verh\u00e4ltnisse zu schaffen, errichtete der Verein eine Umkleidekabine. Wiederum unter der Leitung des 1.Vorsitzenden Johann Schmidt wurde in vielen freiwilligen Arbeitsstunden der Mitglieder eine von den Amerikanern zum Abriss freigegebene Baracke im Truppen\u00fcbungsplatz Stein f\u00fcr Stein abgebaut und am Sportplatz in Vilseck wieder aufgebaut. Heimatvertriebenen Spielern und deren Familien diente die Baracke vor\u00fcbergehend auch als Unterkunft. Dar\u00fcber hinaus baute der Verein eine weitere Wohnbaracke, welche f\u00fcr drei Familien Heim war. Die weiteren Bauunternehmungen, wie laufende Verbesserung und Modernisierung des Sportheims, der Sportplatzumbau 1952 und die gleichzeitige Errichtung zus\u00e4tzlicher Umkleider\u00e4ume auf die Initiative des Herr Dr. Klarner, zeugen vom kontinuierlichen Engagement und Interesse der Mitglieder am Verein und am Fu\u00dfballsport.<br \/>\n1973 wurde unter dem damaligen 1.Vorsitzenden Heinz Neudecker ein neuer Sportplatz gebaut. Unter der Leitung und Regie des Bauingenieurs und Jugendleiters Karl Bielmeier wurden die Arbeiten wiederum in Eigenleistung der Mitglieder ausgef\u00fchrt. Am 26. Juni 1977 konnte der neue Sportplatz durch den Stadtpfarrer Georg Bauer im Rahmen einer Sportwoche eingeweiht werden.<\/p>\n<p>&nbsp;<\/p>\n<hr\/>\n<p>&nbsp;<\/p>\n<h6>HISTORIE \/ 1983 &#8211; 1990<\/h6>\n<p>Am 12. M\u00e4rz 1983 wurde in einer Mitgliederversammlung der Bau eines neuen Sportheims beschlossen.<br \/>\n1. Vorsitzender Georg Specht als der &#8222;Motor&#8220; und Architekt Karl Tippmann als das Gehirn, hatten bis dato s\u00e4mtliche Formalit\u00e4ten erledigt, sodass bereits am 11. April 1983 mit dem Bau begonnen werden konnte.<\/p>\n<p><a href=\"https:\/\/fv-vilseck.de\/wp-content\/uploads\/2014\/09\/fvv-historie-richtfest-sportheim.jpg\" data-rel=\"lightbox-image-2\" data-rl_title=\"\" data-rl_caption=\"\" title=\"\"><img loading=\"lazy\" decoding=\"async\" class=\"alignleft wp-image-205 size-medium\" src=\"https:\/\/fv-vilseck.de\/wp-content\/uploads\/2014\/09\/fvv-historie-richtfest-sportheim-300x225.jpg\" alt=\"fvv-historie-richtfest-sportheim\" width=\"300\" height=\"225\" srcset=\"https:\/\/fv-vilseck.de\/wp-content\/uploads\/2014\/09\/fvv-historie-richtfest-sportheim-300x225.jpg 300w, https:\/\/fv-vilseck.de\/wp-content\/uploads\/2014\/09\/fvv-historie-richtfest-sportheim.jpg 356w\" sizes=\"auto, (max-width: 300px) 100vw, 300px\" \/><\/a>Am 5. Januar 1985 war der Bau so weit fortgeschritten, dass die Kegelbahnen in Betrieb genommen werden konnten und 10 Monate sp\u00e4ter, am 5. Oktober 1985, konnte das neue Sportheim er\u00f6ffnet werden. Die Einweihung selbst erfolgte am 20. Juli 1986 durch Stadtpfarrer Georg Bauer. Fast 14.000 Arbeitsstunden waren bis zu diesem Zeitpunkt von den Mitgliedern in Eigenleistung erbracht worden und allseits fand das Projekt h\u00f6chste Anerkennung.<\/p>\n<p>Womit damals eigentlich niemand rechnete, wurde sp\u00e4testens 1990 allen klar. Den Unterhalt f\u00fcr das neue Vereinsheim, sowie die j\u00e4hrliche Zinsbelastung konnte der Verein auf Dauer in der Art nicht mehr tragen. Trotz der vielen Veranstaltungen arbeitete der FV Vilseck Jahr f\u00fcr Jahr nur daf\u00fcr, um die Zinsen bei den Banken bezahlen zu k\u00f6nnen. Tilgen konnte der Kassier nur geringf\u00fcgig. Deshalb musste eine L\u00f6sung gefunden werden, um die gro\u00dfen Schulden des Vereins in geregelte Bahnen zu lenken.<\/p>\n<p>&nbsp;<\/p>\n<hr\/>\n<p>&nbsp;<\/p>\n<h6>HISTORIE \/ 1993 &#8211; 2004<\/h6>\n<p>Die damalige Vorstandschaft rannte sich in dieser Zeit die Haken ab, um ihr Entschuldungskonzept den Vilsecker Unternehmen und anderen G\u00f6nnern vorzulegen. Ihre M\u00fchen hatten Erfolg, so dass der Verein seit 1993 die Bankdarlehen sinnvoll tilgen kann. Zwei Jahre zuvor hatte man zudem einen Kampf mit dem Finanzamt auszufechten, der zwar viel Kraft und vor allen Dingen viel Nerven kostete, aber erfolgreich abgeschlossen werden konnte.<br \/>\nIn der Amtszeit von Heinrich Maulbeck und insbesondere unter der Leitung des 3. Vorsitzenden Adolf Lehner, erstellte der Verein 1993 unmittelbar am Eingang des neuen Sportplatzes eine Doppelgarage f\u00fcr die Vereinseigenen Ger\u00e4te und Fahrzeuge. Wie bereits beim Sportheimbau gelang es hier Adolf Lehner viele freiwillige Helfer f\u00fcr dieses Projekt zu gewinnen, so dass dem Verein au\u00dfer den Materialkosten, welche \u00fcber Holzeins\u00e4tze herein kamen, keine zus\u00e4tzlichen Belastungen entstanden.<\/p>\n<p>Ein gro\u00dfer Wunsch des Vereins war die Parkplatzbefestigung. Dieses Vorhaben wurde im Jahr 2001 in Eigenleistung unter der Regie von 1. Vorstand Robert Specht realisiert.<\/p>\n<p>Der FV Vilseck konnte aber auch in den Folgejahren nur reagieren und nicht agieren, da die Schulden aus dem Sportheimbau immer noch dr\u00fcckten und deshalb lediglich das N\u00f6tigste angeschafft werden konnte. Bei der Jahreshauptversammlung 2002 meldete dann Kassier Manfred H\u00f6gl, dass der Verein nun schuldenfrei sei. Endlich konnte sich der Verein wieder etwas mehr seinen ureigensten Aufgaben, dem Spielbetrieb widmen. Im Jahre 2005 wurde dann erstmals der B &#8211; Platz, der sich in einem katastrophalen Zustand befand, wieder hergerichtet und weiterhin gepflegt, so dass der FV Vilseck mittlerweile zwei sch\u00f6ne Spielfelder seinen Mannschaften anbieten kann.<\/p>\n<p>Auf Grund der schlechten finanziellen Situation fiel der Verein auch in sportlicher Hinsicht enorm zur\u00fcck. Nach dem Abstieg aus der Bezirksliga Nord 1993 hatte der FV Vilseck \u00fcber die Jahrhundertwende hinaus stets mit dem Abstieg aus der Kreisliga Amberg-West zu k\u00e4mpfen. Man konnte aber immer wieder, wenn auch manchmal erst in Relegationsspielen, die Liga erhalten. In dieser Zeit verlie\u00dfen immer wieder talentierte Fu\u00dfballer den Verein, sodass zeitweise mehr als eine komplette Fu\u00dfballmannschaft bei anderen Vereinen spielte.<\/p>\n<p>&nbsp;<\/p>\n<hr\/>\n<p>&nbsp;<\/p>\n<h6>HISTORIE \/ 2005 &#8211; 2011<\/h6>\n<p><a href=\"https:\/\/fv-vilseck.de\/wp-content\/uploads\/2014\/09\/fvv-historie-fussballdokta.jpg\" data-rel=\"lightbox-image-3\" data-rl_title=\"\" data-rl_caption=\"\" title=\"\"><img loading=\"lazy\" decoding=\"async\" class=\"alignright wp-image-204 size-medium\" src=\"https:\/\/fv-vilseck.de\/wp-content\/uploads\/2014\/09\/fvv-historie-fussballdokta-199x300.jpg\" alt=\"fvv-historie-fussballdokta\" width=\"199\" height=\"300\" srcset=\"https:\/\/fv-vilseck.de\/wp-content\/uploads\/2014\/09\/fvv-historie-fussballdokta-199x300.jpg 199w, https:\/\/fv-vilseck.de\/wp-content\/uploads\/2014\/09\/fvv-historie-fussballdokta.jpg 233w\" sizes=\"auto, (max-width: 199px) 100vw, 199px\" \/><\/a>Nachdem sich die finanzielle Situation gebesserte hatte, blieben auch die sportlichen Erfolge nicht aus. Die erste Mannschaft spielte in der Folgezeit in der Kreisliga Amberg &#8211; West eine dominierende Rolle und schaffte im Jahr 2007 den Aufstieg in die Bezirksliga Nord. Auch die zweite Mannschaft stieg in die A &#8211; Klasse auf.<\/p>\n<p>In Zusammenarbeit mit dem Deutschen Fu\u00dfballbund und der Stadt Vilseck wurde im Jahr 2008 auf dem FV Gel\u00e4nde ein Minispielfeld erstellt. Finanziert wurde es aus dem \u00dcberschusstopf des DFB von der Weltmeisterschaft 2006 in Beteiligung mit der Stadt Vilseck. Insgesamt kamen 1000 St\u00e4dte in Deutschland in den Genuss solcher Spielfelder.<\/p>\n<p>Im Jahr 2008 wurde auch der Jugendf\u00f6rderverein Obere Vils 08 (JFG) mit den Stammvereinen<br \/>\n1. FC Schlicht, SV Sorghof, FV Vilseck und DJK Seugast gegr\u00fcndet. In diesem<br \/>\nVerein spielen die Jugendlichen ab 11 Jahre in den D-, C-, B- und A-Jugend.<\/p>\n<p>Der sportliche H\u00f6hepunkt in der Vereinsgeschichte folgte im Jahr 2011. Die erste Mannschaft schaffte den Aufstieg in die Bezirksoberliga Oberpfalz. Nach zwei sensationellen Relegationsspielen wurde der Aufstieg gefeiert und das genau zum 90-j\u00e4hrigen\u00a0 Vereinsjubil\u00e4um.\u00a0So findet sich der FV Vilseck auch in den Geschichtsb\u00fcchern der h\u00f6chsten Spielklasse der Oberpfalz wieder, welche 2012 der Ligastrukturreform zum Opfer fiel.<\/p>\n<p>Im gleichen Jahr feierte auch die Kegelsparte ihr 50-j\u00e4hriges Vereinsjubil\u00e4um und hatten mit dem Aufstieg der Damenmannschaft in die Kegelbezirksoberliga den gleichen Erfolg wie die Fu\u00dfballer. Einen Nachteil hatte dieser Aufstieg f\u00fcr den SKK. Die Damen mussten ihre K\u00e4mpfe in Amberg austragen, weil die FV-Kegelbahn lediglich aus zwei Bahnen besteht, in dieser Liga vier Bahnen Vorschrift sind.<\/p>\n<p>Erw\u00e4hnenswert ist auch, dass der Verein in seinen Reihen einen ganz besonderen Sportler hat. Mit J\u00fcrgen Zeitler, der aus der Sparte des Sportkegelklubs stammt, hat man einen Welt- und Europameister in seinen Reihen. 2008 wurde er mit seinem damaligen Verein Rot-Wei\u00df Zerbst auch noch Championsleague &#8211; Sieger im Sportkegeln.<\/p>\n<p>&nbsp;<\/p>\n<hr\/>\n<p>&nbsp;<\/p>\n<h6>HISTORIE \/ 2012 &#8211; heute<\/h6>\n<p>Die 1. Fu\u00dfballmannschaft spielte nach der Aufl\u00f6sung der Bezirksoberliga Oberpfalz wieder in der Bezirksliga. Doch mittlerweile war das Team so gewachsen, dass ihr in der Saison 2013\/2014 der gro\u00dfe Wurf gelang. Man wurde Meister in der Bezirksliga Oberpfalz Nord, holte sich in einem Entscheidungsspiel in Schwarzenfeld\u00a0gegen den SC Regensburg den offiziellen Titel des Oberpfalzmeisters und stieg in die Landesliga Mitte auf. Getoppt wurde diese erfolgreiche Saison zudem noch mit dem Gewinn des Kreispokals.<\/p>\n<p>Leider musste die Mannschaft nach einem Jahr, im Mai 2015, die Landesliga\u00a0wieder verlassen und auch Erfolgstrainer Martin Kratzer beendete seine siebenj\u00e4hrige T\u00e4tigkeit beim FV Vilseck.<\/p>\n<p>Im Sommer 2015 entschied sich die Vorstandschaft des FV Vilseck zum Einbau einer Bew\u00e4sserungsanlage f\u00fcr den A-Platz. Dies war schon seit Langem geplant und wurde mit viel Eigenleistung in die Tat umgesetzt.<\/p>\n<p>Im Jahr 2017 ist eine neue Sparte beim FV Vilseck gegr\u00fcndet worden. Bereits im Jahr 2014 wurde mit 15 M\u00e4dels eine private Garde ins Leben gerufen. Nach l\u00e4ngerer Vereinssuche nahm der FV Vilseck im Jahre 2017 die Gardem\u00e4dchen unter seine Fittiche. Dass der Verein perfekt passte, merkte man schon an den \u00fcbereinstimmenden Vereinsfarben und den blau\/wei\u00dfen Kost\u00fcmen der Kindergarde.<br \/>\nSogar beim \u201eOstbayerischen Gardetreffen\u201c in Nittenau dachte man, dass \u201eFV\u201c f\u00fcr Faschingsverein steht.<\/p>\n<p>Sportlich musste im Sommer 2017 der Abstieg aus der Bezirksliga Nord in die Kreisliga<br \/>\nS\u00fcd hingenommen werden. Die Mannschaft schaffte es nicht, sich am letzten Saisonspieltag in die Relegation zu retten und verloren bei der DJK Ensdorf. In dieser Zeit wurde die komplette Heizungsanlage von Erd\u00f6l auf Erdgas umgestellt und neben der Heizung auch die Warmwasseraufbereitung und die Gasversorgung der Gastst\u00e4tte komplett neu installiert.<\/p>\n<p>Im Juni 2019 wurde der Wiederaufstieg in die Bezirksliga bereits ein Jahr sp\u00e4ter gro\u00df gefeiert. Die Saison 19\/21 wurde jedoch aufgrund der Pandemie mit der sogenannten \u201cQuotientenregelung\u201d Ende Mai 2021 abgebrochen und der FV Vilseck stieg wegen 0,01 Punkte in die Kreisliga ab. Die Zeit wurde genutzt, um nun auch auf dem Trainingsplatz eine Beregnungsanlage einzubauen und der Bau einer neuen Flutlichtanlage f\u00fcr beide Pl\u00e4tze steht in den Startl\u00f6chern.<\/p>\n<p><a href=\"https:\/\/fv-vilseck.de\/wp-content\/uploads\/2021\/10\/Ehrungen_1.jpg\" data-rel=\"lightbox-image-4\" data-rl_title=\"\" data-rl_caption=\"\" title=\"\"><img loading=\"lazy\" decoding=\"async\" class=\" wp-image-5251 alignright\" src=\"https:\/\/fv-vilseck.de\/wp-content\/uploads\/2021\/10\/Ehrungen_1-212x300.jpg\" alt=\"\" width=\"178\" height=\"252\" srcset=\"https:\/\/fv-vilseck.de\/wp-content\/uploads\/2021\/10\/Ehrungen_1-212x300.jpg 212w, https:\/\/fv-vilseck.de\/wp-content\/uploads\/2021\/10\/Ehrungen_1.jpg 722w\" sizes=\"auto, (max-width: 178px) 100vw, 178px\" \/><\/a>Die seit \u00fcber 2 Jahren geplante Jubil\u00e4umsfeier 2021 zum 100 J\u00e4hrigen Vereinsbestehen, musste aufgrund der Pandemie abgesagt werden. Lediglich ein Kommersabend konnte am 08. Oktober 2021 im Zehenkasten der Burg Dagestein abgehalten werden. Im selben Jahr wurde auf Anfrage des SV Sorghof und nach langen Gespr\u00e4chen eine Spielgemeinschaft gegr\u00fcndet. Gemeinsam startete man mit 2 Mannschaften in die Saison 2021\/22. Der FV Vilseck stellte hierf\u00fcr eine 2. und 3. Mannschaft.<\/p>\n<p>Zum Ende der Saison 2022\/23 konnte die 1. Mannschaft die Meisterschaft in der Kreisliga AM\/WEN S\u00fcd feiern. Und somit den Aufstieg zur\u00fcck in die Bezirksliga Oberpfalz Nord.<\/p>\n<p>2023 wurde in Eigenleistung und mit finanzieller Unterst\u00fctzung durch die AOVE und vieler privater Sponsoren ein neuer Spielplatz errichtet. Zugleich wurde ein teil des Sportgel\u00e4ndes neu eingezeunt und ein Brauchwasseranschluss f\u00fcr die Bew\u00e4sserungsanlagen installiert.<\/p>\n<p>&nbsp;<\/p>\n<hr\/>\n<div class='content-column one_half'><h6>Vorst\u00e4nde<\/h6>\n<table width=\"100%\" cellspacing=\"0\" cellpadding=\"0\">\n<tbody>\n<tr>\n<td style=\"width: 22%;\" align=\"left\"><span class=\"Stil2\">1946<\/span><\/td>\n<td style=\"width: 30%;\" align=\"left\">Specht, Kaspar<\/td>\n<td style=\"width: 45%;\" align=\"left\"><span class=\"Stil2\">Metzgermeister\/ Gastwirt <\/span><\/td>\n<\/tr>\n<tr>\n<td style=\"width: 18%;\" align=\"left\"><span class=\"Stil2\">1947 &#8211; 1949<\/span><\/td>\n<td style=\"width: 30%;\" align=\"left\">Schmidt, Johann<\/td>\n<td style=\"width: 50%;\" align=\"left\"><span class=\"Stil2\">Schachtmeister<\/span><\/td>\n<\/tr>\n<tr>\n<td style=\"width: 18%;\" align=\"left\"><span class=\"Stil2\">1950<\/span><\/td>\n<td style=\"width: 35%;\" align=\"left\">Specht, Georg<\/td>\n<td style=\"width: 45%;\" align=\"left\"><span class=\"Stil2\">Metzgermeister\/ Gastwirt <\/span><\/td>\n<\/tr>\n<tr>\n<td style=\"width: 18%;\" align=\"left\"><span class=\"Stil2\">1951<\/span><\/td>\n<td style=\"width: 35%;\" align=\"left\">Flierl, Xaver<\/td>\n<td style=\"width: 45%;\" align=\"left\"><span class=\"Stil2\">B\u00e4ckermeister<\/span><\/td>\n<\/tr>\n<tr>\n<td style=\"width: 18%;\" align=\"left\"><span class=\"Stil2\">1952<\/span><\/td>\n<td style=\"width: 35%;\" align=\"left\">Arneth, Johann<\/td>\n<td style=\"width: 45%;\" align=\"left\"><span class=\"Stil2\">Notar<\/span><\/td>\n<\/tr>\n<tr>\n<td style=\"width: 18%;\" align=\"left\"><span class=\"Stil2\">1953 &#8211; 1957<\/span><\/td>\n<td style=\"width: 35%;\" align=\"left\">Hartmann, Rudolf<\/td>\n<td style=\"width: 45%;\" align=\"left\"><span class=\"Stil2\">Oberlandesforstmeister<\/span><\/td>\n<\/tr>\n<tr>\n<td style=\"width: 18%;\" align=\"left\"><span class=\"Stil2\">1958 &#8211; 1962<\/span><\/td>\n<td style=\"width: 35%;\" align=\"left\">Winderl, Ludwig<\/td>\n<td style=\"width: 45%;\" align=\"left\"><span class=\"Stil2\">Fuhrunternehmer<\/span><\/td>\n<\/tr>\n<tr>\n<td style=\"width: 18%;\" align=\"left\"><span class=\"Stil2\">1963 &#8211; 1966<\/span><\/td>\n<td style=\"width: 35%;\" align=\"left\">Klarner, Dr. Wolfgang<\/td>\n<td style=\"width: 45%;\" align=\"left\"><span class=\"Stil2\">Arzt<\/span><\/td>\n<\/tr>\n<tr>\n<td style=\"width: 18%;\" align=\"left\"><span class=\"Stil2\">1967 &#8211; 1968<\/span><\/td>\n<td style=\"width: 35%;\" align=\"left\">Regler, Peter<\/td>\n<td style=\"width: 45%;\" align=\"left\"><span class=\"Stil2\">Posthauptsekret\u00e4r<\/span><\/td>\n<\/tr>\n<tr>\n<td style=\"width: 18%;\" align=\"left\"><span class=\"Stil2\">1969 &#8211; 1972<\/span><\/td>\n<td style=\"width: 35%;\" align=\"left\">Winderl, Ludwig<\/td>\n<td style=\"width: 45%;\" align=\"left\"><span class=\"Stil2\">Fuhrunternehmer<\/span><\/td>\n<\/tr>\n<tr>\n<td style=\"width: 18%;\" align=\"left\"><span class=\"Stil2\">1973 &#8211; 1977<\/span><\/td>\n<td style=\"width: 35%;\" align=\"left\">Neudecker, Heinz<\/td>\n<td style=\"width: 45%;\" align=\"left\"><span class=\"Stil2\">Lehrer<\/span><\/td>\n<\/tr>\n<tr>\n<td style=\"width: 18%;\" align=\"left\"><span class=\"Stil2\">1977 &#8211; 1979<\/span><\/td>\n<td style=\"width: 35%;\" align=\"left\">Jetschin, Bernd<\/td>\n<td style=\"width: 45%;\" align=\"left\"><span class=\"Stil2\">kfm. Angestellter<\/span><\/td>\n<\/tr>\n<tr>\n<td style=\"width: 18%;\" align=\"left\"><span class=\"Stil2\">1979 &#8211; 1986<\/span><\/td>\n<td style=\"width: 35%;\" align=\"left\">Specht, Georg<\/td>\n<td style=\"width: 45%;\" align=\"left\"><span class=\"Stil2\">Metzgermeister<\/span><\/td>\n<\/tr>\n<tr>\n<td style=\"width: 18%;\" align=\"left\"><span class=\"Stil2\">1987 &#8211; 1988<\/span><\/td>\n<td style=\"width: 35%;\" align=\"left\">H\u00f6gl, Heinrich<\/td>\n<td style=\"width: 45%;\" align=\"left\"><span class=\"Stil2\">Betriebsschlosser<\/span><\/td>\n<\/tr>\n<tr>\n<td style=\"width: 18%;\" align=\"left\"><span class=\"Stil2\">1989 &#8211; 1995<\/span><\/td>\n<td style=\"width: 35%;\" align=\"left\">Maulbeck, Heinrich<\/td>\n<td style=\"width: 45%;\" align=\"left\"><span class=\"Stil2\">Lehrer<\/span><\/td>\n<\/tr>\n<tr>\n<td style=\"width: 18%;\" align=\"left\"><span class=\"Stil2\">1995 &#8211; 2003 <\/span><\/td>\n<td style=\"width: 35%;\" align=\"left\">Specht, Robert<\/td>\n<td style=\"width: 45%;\" align=\"left\"><span class=\"Stil2\">Metzgermeister<\/span><\/td>\n<\/tr>\n<tr>\n<td style=\"width: 18%;\" align=\"left\"><span class=\"Stil2\">2003 &#8211; 2015<\/span><\/td>\n<td style=\"width: 35%;\" align=\"left\">Maulbeck, Georg<\/td>\n<td style=\"width: 45%;\" align=\"left\"><span class=\"Stil2\">Polizeibeamter<\/span><\/td>\n<\/tr>\n<tr>\n<td style=\"width: 18%;\" align=\"left\"><span class=\"Stil2\">2015 -2025<\/span><\/td>\n<td style=\"width: 35%;\" align=\"left\">Liermann, Robert<\/td>\n<td style=\"width: 45%;\" align=\"left\"><span class=\"Stil2\">Justizbeamter<\/span><\/td>\n<\/tr>\n<\/tbody>\n<\/table>\n<table style=\"width: 1121px;\" cellspacing=\"0\" cellpadding=\"0\">\n<tbody>\n<tr>\n<td style=\"width: 246px;\" align=\"left\"><span class=\"Stil2\">2025 &#8211;<\/span><\/td>\n<td style=\"width: 392px;\" align=\"left\">Piehler Oliver<\/td>\n<td style=\"width: 483px;\" align=\"left\"><span class=\"Stil2\">Selbst\u00e4ndig<\/span><\/td>\n<\/tr>\n<\/tbody>\n<\/table><\/div>\n<div class='content-column one_half last_column'><h6>Spielklassen<\/h6>\n<table style=\"height: 384px;\" width=\"100%\" cellspacing=\"0\" cellpadding=\"0\">\n<tbody>\n<tr style=\"height: 24px;\">\n<td style=\"width: 25.2357%; height: 24px;\">1947<\/td>\n<td style=\"width: 74.6193%; height: 24px;\">B-Klasse Fu\u00dfballkreis Weiden<\/td>\n<\/tr>\n<tr style=\"height: 24px;\">\n<td style=\"width: 25.2357%; height: 24px;\">1948 &#8211; 1976<\/td>\n<td style=\"width: 74.6193%; height: 24px;\">A-Klasse Fu\u00dfballkreis Weiden<\/td>\n<\/tr>\n<tr style=\"height: 24px;\">\n<td style=\"width: 25.2357%; height: 24px;\">1976 &#8211; 1978<\/td>\n<td style=\"width: 74.6193%; height: 24px;\">Bezirksliga Oberpfalz<\/td>\n<\/tr>\n<tr style=\"height: 24px;\">\n<td style=\"width: 25.2357%; height: 24px;\">1978 &#8211; 1980<\/td>\n<td style=\"width: 74.6193%; height: 24px;\">A-Klasse Fu\u00dfballkreis Weiden<\/td>\n<\/tr>\n<tr style=\"height: 24px;\">\n<td style=\"width: 25.2357%; height: 24px;\">1980 &#8211; 1986<\/td>\n<td style=\"width: 74.6193%; height: 24px;\">Bezirksliga Oberpfalz<\/td>\n<\/tr>\n<tr style=\"height: 24px;\">\n<td style=\"width: 25.2357%; height: 24px;\">1986 &#8211; 1988<\/td>\n<td style=\"width: 74.6193%; height: 24px;\">A-Klasse Fu\u00dfballkreis Weiden<\/td>\n<\/tr>\n<tr style=\"height: 24px;\">\n<td style=\"width: 25.2357%; height: 24px;\">1988 &#8211; 1993<\/td>\n<td style=\"width: 74.6193%; height: 24px;\">Bezirksliga Oberpfalz Nord<\/td>\n<\/tr>\n<tr style=\"height: 24px;\">\n<td style=\"width: 25.2357%; height: 24px;\">1993 &#8211; 2006<\/td>\n<td style=\"width: 74.6193%; height: 24px;\">Kreisliga West Amberg \/ Schwandorf<\/td>\n<\/tr>\n<tr style=\"height: 24px;\">\n<td style=\"width: 25.2357%; height: 24px;\">2006 &#8211; 2007<\/td>\n<td style=\"width: 74.6193%; height: 24px;\">Kreisliga S\u00fcd Amberg \/ Weiden<\/td>\n<\/tr>\n<tr style=\"height: 24px;\">\n<td style=\"width: 25.2357%; height: 24px;\">2007 &#8211; 2011<\/td>\n<td style=\"width: 74.6193%; height: 24px;\">Bezirksliga Oberpfalz Nord<\/td>\n<\/tr>\n<tr style=\"height: 24px;\">\n<td style=\"width: 25.2357%; height: 24px;\">2011 &#8211; 2012<\/td>\n<td style=\"width: 74.6193%; height: 24px;\">Bezirksoberliga Oberpfalz<\/td>\n<\/tr>\n<tr style=\"height: 24px;\">\n<td style=\"width: 25.2357%; height: 24px;\">2012 &#8211; 2014<\/td>\n<td style=\"width: 74.6193%; height: 24px;\">Bezirksliga Oberpfalz Nord<\/td>\n<\/tr>\n<tr style=\"height: 24px;\">\n<td style=\"width: 25.2357%; height: 24px;\">2014 &#8211; 2015<\/td>\n<td style=\"width: 74.6193%; height: 24px;\">Landesliga Mitte<\/td>\n<\/tr>\n<tr style=\"height: 24px;\">\n<td style=\"width: 25.2357%; height: 24px;\">2015 &#8211; 2017<\/td>\n<td style=\"width: 74.6193%; height: 24px;\">Bezirksliga Oberpfalz Nord<\/td>\n<\/tr>\n<tr style=\"height: 24px;\">\n<td style=\"width: 25.2357%; height: 24px;\">2017 &#8211; 2019<\/td>\n<td style=\"width: 74.6193%; height: 24px;\">Kreisliga S\u00fcd Amberg\/Weiden<\/td>\n<\/tr>\n<tr style=\"height: 24px;\">\n<td style=\"width: 25.2357%; height: 24px;\">2019 &#8211; 2021<\/td>\n<td style=\"width: 74.6193%; height: 24px;\">Bezirksliga Oberpfalz Nord<\/td>\n<\/tr>\n<tr style=\"height: 24px;\">\n<td style=\"width: 25.2357%; height: 24px;\">2021 &#8211; 2023<\/td>\n<td style=\"width: 74.6193%; height: 24px;\">Kreisliga S\u00fcd Amberg\/Weiden<\/td>\n<\/tr>\n<tr style=\"height: 24px;\">\n<td style=\"width: 25.2357%; height: 24px;\">2023 &#8211;<\/td>\n<td style=\"width: 74.6193%; height: 24px;\">Bezirksliga Oberpfalz Nord<\/td>\n<\/tr>\n<\/tbody>\n<\/table><\/div><div class='clear_column'><\/div>\n","protected":false},"excerpt":{"rendered":"<p>HISTORIE \/ 1921 &#8211; 1946 Am 18. September 1921 wurde der &#8222;Fu\u00dfballklub Vilseck&#8220; aus der Taufe gehoben. 22 Mitglieder beschlossen am 23. Oktober desselben Jahres die f\u00fcr die Existenz des Vereins notwendigen Satzungen. Der &#8222;Fu\u00dfballklub Vilseck&#8220; war aber nicht der einzige Verein, in dem Fu\u00dfballer organisiert waren. Vielmehr musste er sich den von der Stadt<\/p>\n<p><a class=\"read-more\" href=\"https:\/\/fv-vilseck.de\/?page_id=202\"> Mehr lesen&#8230;<\/a><\/p>\n","protected":false},"author":1,"featured_media":0,"parent":142,"menu_order":4,"comment_status":"open","ping_status":"closed","template":"about.php","meta":{"footnotes":""},"class_list":["post-202","page","type-page","status-publish","hentry"],"_links":{"self":[{"href":"https:\/\/fv-vilseck.de\/index.php?rest_route=\/wp\/v2\/pages\/202","targetHints":{"allow":["GET"]}}],"collection":[{"href":"https:\/\/fv-vilseck.de\/index.php?rest_route=\/wp\/v2\/pages"}],"about":[{"href":"https:\/\/fv-vilseck.de\/index.php?rest_route=\/wp\/v2\/types\/page"}],"author":[{"embeddable":true,"href":"https:\/\/fv-vilseck.de\/index.php?rest_route=\/wp\/v2\/users\/1"}],"replies":[{"embeddable":true,"href":"https:\/\/fv-vilseck.de\/index.php?rest_route=%2Fwp%2Fv2%2Fcomments&post=202"}],"version-history":[{"count":19,"href":"https:\/\/fv-vilseck.de\/index.php?rest_route=\/wp\/v2\/pages\/202\/revisions"}],"predecessor-version":[{"id":6190,"href":"https:\/\/fv-vilseck.de\/index.php?rest_route=\/wp\/v2\/pages\/202\/revisions\/6190"}],"up":[{"embeddable":true,"href":"https:\/\/fv-vilseck.de\/index.php?rest_route=\/wp\/v2\/pages\/142"}],"wp:attachment":[{"href":"https:\/\/fv-vilseck.de\/index.php?rest_route=%2Fwp%2Fv2%2Fmedia&parent=202"}],"curies":[{"name":"wp","href":"https:\/\/api.w.org\/{rel}","templated":true}]}}